{"id":6816,"date":"2019-03-04T08:33:56","date_gmt":"2019-03-04T07:33:56","guid":{"rendered":"https:\/\/www.humanuspraca.pl\/adatvedelmi-nyilatkozat\/"},"modified":"2026-04-17T20:21:28","modified_gmt":"2026-04-17T18:21:28","slug":"adatvedelmi-nyilatkozat","status":"publish","type":"page","link":"https:\/\/www.humanuspraca.pl\/hu\/adatvedelmi-nyilatkozat\/","title":{"rendered":"Adatv\u00e9delmi nyilatkozat"},"content":{"rendered":"<h2 data-path-to-node=\"1\">Adatv\u00e9delmi nyilatkozat<\/h2>\n<h3 data-path-to-node=\"2\">\u00c1ltal\u00e1nos megjegyz\u00e9sek<\/h3>\n<p data-path-to-node=\"3\">Az al\u00e1bbi megjegyz\u00e9sek egyszer\u0171 \u00e1ttekint\u00e9st ny\u00fajtanak arr\u00f3l, hogy mi t\u00f6rt\u00e9nik az \u00d6n szem\u00e9lyes adataival, amikor megl\u00e1togatja ezt a weboldalt. Szem\u00e9lyes adatnak min\u0151s\u00fcl minden olyan adat, amellyel \u00d6n szem\u00e9lyesen azonos\u00edthat\u00f3. Az adatv\u00e9delemmel kapcsolatos r\u00e9szletes inform\u00e1ci\u00f3kat az e sz\u00f6veg alatt tal\u00e1lhat\u00f3 adatv\u00e9delmi nyilatkozatunkban tal\u00e1lja.<\/p>\n<h3 data-path-to-node=\"4\">Adatgy\u0171jt\u00e9s ezen a weboldalon<\/h3>\n<p data-path-to-node=\"5\"><b data-path-to-node=\"5\" data-index-in-node=\"0\">Ki a felel\u0151s az adatgy\u0171jt\u00e9s\u00e9rt ezen az oldalon?<\/b> Az oldalon t\u00f6rt\u00e9n\u0151 adatkezel\u00e9st a weboldal \u00fczemeltet\u0151je v\u00e9gzi. El\u00e9rhet\u0151s\u00e9geit a jelen adatv\u00e9delmi nyilatkozat \u201eAdatkezel\u0151re vonatkoz\u00f3 megjegyz\u00e9s\u201d c\u00edm\u0171 r\u00e9sz\u00e9ben tal\u00e1lja.<\/p>\n<p data-path-to-node=\"6\"><b data-path-to-node=\"6\" data-index-in-node=\"0\">Hogyan gy\u0171jtj\u00fck az \u00d6n adatait?<\/b> Az \u00d6n adatait egyr\u00e9szt \u00fagy gy\u0171jtj\u00fck, hogy \u00d6n megadja azokat nek\u00fcnk. Ez lehet p\u00e9ld\u00e1ul a kapcsolattart\u00e1si \u0171rlapon megadott adat. M\u00e1s adatokat informatikai rendszereink automatikusan vagy az \u00d6n hozz\u00e1j\u00e1rul\u00e1s\u00e1val gy\u0171jtenek a weboldal megl\u00e1togat\u00e1sa sor\u00e1n. Ezek els\u0151sorban technikai adatok (pl. internetb\u00f6ng\u00e9sz\u0151, oper\u00e1ci\u00f3s rendszer vagy az oldal felkeres\u00e9s\u00e9nek id\u0151pontja). Ezen adatok gy\u0171jt\u00e9se automatikusan megt\u00f6rt\u00e9nik, amint \u00d6n bel\u00e9p erre az oldalra.<\/p>\n<p data-path-to-node=\"7\"><b data-path-to-node=\"7\" data-index-in-node=\"0\">Mire haszn\u00e1ljuk az adatait?<\/b> Az adatok egy r\u00e9sz\u00e9t a weboldal hib\u00e1tlan m\u0171k\u00f6d\u00e9s\u00e9nek biztos\u00edt\u00e1sa \u00e9rdek\u00e9ben gy\u0171jtj\u00fck. M\u00e1s adatok a felhaszn\u00e1l\u00f3i viselked\u00e9s elemz\u00e9s\u00e9re haszn\u00e1lhat\u00f3k fel.<\/p>\n<p data-path-to-node=\"8\"><b data-path-to-node=\"8\" data-index-in-node=\"0\">Milyen jogai vannak az adataival kapcsolatban?<\/b> \u00d6nnek b\u00e1rmikor joga van ingyenes t\u00e1j\u00e9koztat\u00e1st kapni a t\u00e1rolt szem\u00e9lyes adatainak sz\u00e1rmaz\u00e1s\u00e1r\u00f3l, c\u00edmzettj\u00e9r\u0151l \u00e9s c\u00e9lj\u00e1r\u00f3l. Joga van tov\u00e1bb\u00e1 k\u00e9rni ezen adatok helyesb\u00edt\u00e9s\u00e9t vagy t\u00f6rl\u00e9s\u00e9t. Amennyiben hozz\u00e1j\u00e1rul\u00e1s\u00e1t adta az adatkezel\u00e9shez, ezt a hozz\u00e1j\u00e1rul\u00e1st b\u00e1rmikor visszavonhatja a j\u00f6v\u0151re n\u00e9zve. Emellett bizonyos k\u00f6r\u00fclm\u00e9nyek k\u00f6z\u00f6tt joga van k\u00e9rni szem\u00e9lyes adatai kezel\u00e9s\u00e9nek korl\u00e1toz\u00e1s\u00e1t. \u00d6nnek joga van panaszt tenni az illet\u00e9kes fel\u00fcgyeleti hat\u00f3s\u00e1gn\u00e1l is. Ebben az \u00fcgyben, valamint az adatv\u00e9delemmel kapcsolatos tov\u00e1bbi k\u00e9rd\u00e9seivel b\u00e1rmikor fordulhat hozz\u00e1nk.<\/p>\n<h3 data-path-to-node=\"9\">Analitikai eszk\u00f6z\u00f6k \u00e9s harmadik f\u00e9l szolg\u00e1ltat\u00f3k eszk\u00f6zei<\/h3>\n<p data-path-to-node=\"10\">A weboldal megl\u00e1togat\u00e1sakor az \u00d6n sz\u00f6rf\u00f6z\u00e9si viselked\u00e9se statisztikai \u00e9rt\u00e9kel\u00e9snek vethet\u0151 al\u00e1. Ez els\u0151sorban \u00fagynevezett elemz\u0151 programok seg\u00edts\u00e9g\u00e9vel t\u00f6rt\u00e9nik. Ezekr\u0151l az elemz\u0151 programokr\u00f3l r\u00e9szletes inform\u00e1ci\u00f3kat a k\u00f6vetkez\u0151 adatv\u00e9delmi nyilatkozatban tal\u00e1l.<\/p>\n<h3 data-path-to-node=\"12\">T\u00e1rhelyszolg\u00e1ltat\u00e1s (Hosting)<\/h3>\n<p data-path-to-node=\"13\">Weboldalunk tartalm\u00e1t a k\u00f6vetkez\u0151 szolg\u00e1ltat\u00f3n\u00e1l t\u00e1roljuk: <b data-path-to-node=\"13\" data-index-in-node=\"59\">All-Inkl<\/b>. A szolg\u00e1ltat\u00f3 az ALL-INKL.COM \u2013 Neue Medien M\u00fcnnich, tulajdonos: <span class=\"citation-4564 citation-4565\">Ren\u00e9 M\u00fcnnich, Hauptstra\u00dfe 68, 02742 Friedersdorf (a tov\u00e1bbiakban: \u201eAll-Inkl\u201d). A r\u00e9szletek az All-Inkl adatv\u00e9delmi szab\u00e1lyzat\u00e1ban tal\u00e1lhat\u00f3k: <\/span><a class=\"ng-star-inserted\" href=\"https:\/\/all-inkl.com\/datenschutzinformationen\/\" target=\"_blank\" rel=\"noopener\"><span class=\"citation-4564 citation-4565 citation-end-4565\">https:\/\/all-inkl.com\/datenschutzinformationen\/<\/span><\/a>. Az All-Inkl haszn\u00e1lata a GDPR 6. cikk (1) bek. f) pontja alapj\u00e1n t\u00f6rt\u00e9nik. Jogos \u00e9rdek\u00fcnk f\u0171z\u0151dik weboldalunk lehet\u0151 legmegb\u00edzhat\u00f3bb megjelen\u00edt\u00e9s\u00e9hez. Amennyiben megfelel\u0151 hozz\u00e1j\u00e1rul\u00e1st k\u00e9rtek, az adatkezel\u00e9s kiz\u00e1r\u00f3lag a GDPR 6. cikk (1) bek. a) pontja \u00e9s a TTDSG 25. \u00a7 (1) bek. alapj\u00e1n t\u00f6rt\u00e9nik, amennyiben a hozz\u00e1j\u00e1rul\u00e1s kiterjed a s\u00fctik t\u00e1rol\u00e1s\u00e1ra vagy a felhaszn\u00e1l\u00f3 v\u00e9gberendez\u00e9s\u00e9n l\u00e9v\u0151 inform\u00e1ci\u00f3khoz val\u00f3 hozz\u00e1f\u00e9r\u00e9sre (pl. eszk\u00f6z-ujjlenyomatv\u00e9tel) a TTDSG \u00e9rtelm\u00e9ben. A hozz\u00e1j\u00e1rul\u00e1s b\u00e1rmikor visszavonhat\u00f3.<\/p>\n<div class=\"source-inline-chip-container ng-star-inserted\">\u00a0<\/div>\n<p data-path-to-node=\"14\"><b data-path-to-node=\"14\" data-index-in-node=\"0\">Adatfeldolgoz\u00e1s \u00e1truh\u00e1z\u00e1sa:<\/b> Adatfeldolgoz\u00e1si szerz\u0151d\u00e9st (AVV) k\u00f6t\u00f6tt\u00fcnk a fenti szolg\u00e1ltat\u00e1s ig\u00e9nybev\u00e9tel\u00e9re. Ez egy az adatv\u00e9delmi t\u00f6rv\u00e9ny \u00e1ltal el\u0151\u00edrt szerz\u0151d\u00e9s, amely garant\u00e1lja, hogy a szolg\u00e1ltat\u00f3 weboldalunk l\u00e1togat\u00f3inak szem\u00e9lyes adatait kiz\u00e1r\u00f3lag az utas\u00edt\u00e1sainknak megfelel\u0151en \u00e9s a GDPR betart\u00e1s\u00e1val kezeli.<\/p>\n<h3 data-path-to-node=\"15\">Adatv\u00e9delem<\/h3>\n<p data-path-to-node=\"16\">Ezen oldalak \u00fczemeltet\u0151i nagyon komolyan veszik az \u00d6n szem\u00e9lyes adatainak v\u00e9delm\u00e9t. Szem\u00e9lyes adatait bizalmasan, a t\u00f6rv\u00e9nyes adatv\u00e9delmi el\u0151\u00edr\u00e1soknak \u00e9s a jelen nyilatkozatnak megfelel\u0151en kezelj\u00fck. A weboldal haszn\u00e1lata sor\u00e1n k\u00fcl\u00f6nb\u00f6z\u0151 szem\u00e9lyes adatok gy\u0171jt\u00e9s\u00e9re ker\u00fcl sor. Ez a nyilatkozat elmagyar\u00e1zza, hogy milyen adatokat gy\u0171jt\u00fcnk \u00e9s mire haszn\u00e1ljuk azokat. Azt is ismerteti, hogyan \u00e9s milyen c\u00e9lb\u00f3l t\u00f6rt\u00e9nik ez. Felh\u00edvjuk figyelm\u00e9t, hogy az interneten kereszt\u00fcli adat\u00e1tvitel (pl. e-mail kommunik\u00e1ci\u00f3 sor\u00e1n) biztons\u00e1gi r\u00e9seket tartalmazhat. Az adatok harmadik felek \u00e1ltali hozz\u00e1f\u00e9r\u00e9se elleni teljes k\u00f6r\u0171 v\u00e9delem nem lehets\u00e9ges.<\/p>\n<h3 data-path-to-node=\"17\">Adatkezel\u0151re vonatkoz\u00f3 megjegyz\u00e9s<\/h3>\n<p data-path-to-node=\"18\">A weboldalon t\u00f6rt\u00e9n\u0151 adatkezel\u00e9s\u00e9rt felel\u0151s adatkezel\u0151: <b data-path-to-node=\"18\" data-index-in-node=\"56\">Humanus Personalservice GmbH<\/b> N\u00fcrnberger Stra\u00dfe 64 86720 N\u00f6rdlingen, Telefon: 09081\/ 789 59 0, E-mail: info@humanus-personalservice.de<\/p>\n<p data-path-to-node=\"19\">Az adatkezel\u0151 az a term\u00e9szetes vagy jogi szem\u00e9ly, aki egyed\u00fcl vagy m\u00e1sokkal egy\u00fctt d\u00f6nt a szem\u00e9lyes adatok (pl. nevek, e-mail c\u00edmek stb.) kezel\u00e9s\u00e9nek c\u00e9ljair\u00f3l \u00e9s eszk\u00f6zeir\u0151l.<\/p>\n<h3 data-path-to-node=\"20\">T\u00e1rol\u00e1si id\u0151tartam<\/h3>\n<p data-path-to-node=\"21\">Hacsak a jelen nyilatkozat nem hat\u00e1roz meg konkr\u00e9t t\u00e1rol\u00e1si id\u0151szakot, az \u00d6n szem\u00e9lyes adatai n\u00e1lunk maradnak az adatkezel\u00e9s c\u00e9lj\u00e1nak megsz\u0171n\u00e9s\u00e9ig. Ha \u00d6n jogos t\u00f6rl\u00e9si k\u00e9relmet ny\u00fajt be, vagy visszavonja az adatkezel\u00e9shez val\u00f3 hozz\u00e1j\u00e1rul\u00e1s\u00e1t, adatait t\u00f6r\u00f6lj\u00fck, kiv\u00e9ve, ha egy\u00e9b jogilag megengedett okunk van a szem\u00e9lyes adatok t\u00e1rol\u00e1s\u00e1ra (pl. ad\u00f3- vagy kereskedelmi jogi meg\u0151rz\u00e9si id\u0151szakok); ez ut\u00f3bbi esetben a t\u00f6rl\u00e9s ezen okok megsz\u0171n\u00e9se ut\u00e1n t\u00f6rt\u00e9nik meg.<\/p>\n<h3 data-path-to-node=\"22\">\u00c1ltal\u00e1nos t\u00e1j\u00e9koztat\u00f3 az oldalon t\u00f6rt\u00e9n\u0151 adatkezel\u00e9s jogalapj\u00e1r\u00f3l<\/h3>\n<p data-path-to-node=\"23\">Amennyiben \u00d6n hozz\u00e1j\u00e1rult az adatkezel\u00e9shez, szem\u00e9lyes adatait a GDPR 6. cikk (1) bek. a) pontja vagy a GDPR 9. cikk (2) bek. a) pontja alapj\u00e1n kezelj\u00fck, ha a GDPR 9. cikk (1) bek. szerinti k\u00fcl\u00f6nleges adatkateg\u00f3ri\u00e1k kezel\u00e9s\u00e9re ker\u00fcl sor. Szem\u00e9lyes adatok harmadik orsz\u00e1gokba t\u00f6rt\u00e9n\u0151 tov\u00e1bb\u00edt\u00e1s\u00e1hoz adott kifejezett hozz\u00e1j\u00e1rul\u00e1s eset\u00e9n az adatkezel\u00e9s ezen fel\u00fcl a GDPR 49. cikk (1) bek. a) pontj\u00e1n alapul. Ha \u00d6n hozz\u00e1j\u00e1rult a s\u00fctik t\u00e1rol\u00e1s\u00e1hoz vagy a v\u00e9gberendez\u00e9s\u00e9n l\u00e9v\u0151 inform\u00e1ci\u00f3khoz val\u00f3 hozz\u00e1f\u00e9r\u00e9shez (pl. eszk\u00f6z-ujjlenyomatv\u00e9tel \u00fatj\u00e1n), az adatkezel\u00e9s ezen fel\u00fcl a TTDSG 25. \u00a7 (1) bek. alapj\u00e1n t\u00f6rt\u00e9nik. A hozz\u00e1j\u00e1rul\u00e1s b\u00e1rmikor visszavonhat\u00f3. Ha az \u00d6n adataira szerz\u0151d\u00e9s teljes\u00edt\u00e9s\u00e9hez vagy szerz\u0151d\u00e9sk\u00f6t\u00e9st megel\u0151z\u0151 int\u00e9zked\u00e9sekhez van sz\u00fcks\u00e9g, az adatokat a GDPR 6. cikk (1) bek. b) pontja alapj\u00e1n kezelj\u00fck. Tov\u00e1bb\u00e1 akkor is kezel\u00fcnk adatokat, ha azok jogi k\u00f6telezetts\u00e9g teljes\u00edt\u00e9s\u00e9hez sz\u00fcks\u00e9gesek a GDPR 6. cikk (1) bek. c) pontja alapj\u00e1n. Az adatkezel\u00e9s a GDPR 6. cikk (1) bek. f) pontja szerinti jogos \u00e9rdek\u00fcnk\u00f6n is alapulhat. A vonatkoz\u00f3 jogalapokr\u00f3l az egyes esetekben a jelen nyilatkozat k\u00f6vetkez\u0151 bekezd\u00e9seiben adunk t\u00e1j\u00e9koztat\u00e1st.<\/p>\n<h3 data-path-to-node=\"24\">Adatv\u00e9delmi tisztvisel\u0151<\/h3>\n<p data-path-to-node=\"25\">Adatv\u00e9delmi tisztvisel\u0151t nevezt\u00fcnk ki: <b data-path-to-node=\"25\" data-index-in-node=\"39\">IITR Datenschutz GmbH<\/b> Dr. Sebastian Kraska, Marienplatz 2 D-80331 M\u00fcnchen, E-mail: email@iitr.de, Telefon: 089189173671, Web: www.iitr.de<\/p>\n<h3 data-path-to-node=\"26\">T\u00e1j\u00e9koztat\u00e1s az adatv\u00e9delmi szempontb\u00f3l nem biztons\u00e1gos harmadik orsz\u00e1gokba t\u00f6rt\u00e9n\u0151 adattov\u00e1bb\u00edt\u00e1sr\u00f3l \u00e9s a DPF-tan\u00fas\u00edtv\u00e1nnyal nem rendelkez\u0151 amerikai v\u00e1llalatoknak t\u00f6rt\u00e9n\u0151 adattov\u00e1bb\u00edt\u00e1sr\u00f3l<\/h3>\n<p data-path-to-node=\"27\">T\u00f6bbek k\u00f6z\u00f6tt olyan v\u00e1llalatok eszk\u00f6zeit haszn\u00e1ljuk, amelyek sz\u00e9khelye adatv\u00e9delmi szempontb\u00f3l nem biztons\u00e1gos harmadik orsz\u00e1gokban tal\u00e1lhat\u00f3, valamint olyan amerikai eszk\u00f6z\u00f6ket, amelyek szolg\u00e1ltat\u00f3i nem rendelkeznek az EU-USA Adatv\u00e9delmi Keretrendszer (Data Privacy Framework \u2013 DPF) szerinti tan\u00fas\u00edtv\u00e1nnyal. Ha ezek az eszk\u00f6z\u00f6k akt\u00edvak, az \u00d6n szem\u00e9lyes adatai tov\u00e1bb\u00edthat\u00f3k ezekbe az orsz\u00e1gokba \u00e9s ott feldolgozhat\u00f3k. Felh\u00edvjuk figyelm\u00e9t, hogy az adatv\u00e9delmi szempontb\u00f3l nem biztons\u00e1gos harmadik orsz\u00e1gokban az EU-val \u00f6sszehasonl\u00edthat\u00f3 adatv\u00e9delmi szint nem garant\u00e1lhat\u00f3. Felh\u00edvjuk figyelm\u00e9t, hogy az USA mint biztons\u00e1gos harmadik orsz\u00e1g alapvet\u0151en az EU-val \u00f6sszehasonl\u00edthat\u00f3 adatv\u00e9delmi szintet mutat. Az USA-ba t\u00f6rt\u00e9n\u0151 adattov\u00e1bb\u00edt\u00e1s akkor megengedett, ha a c\u00edmzett az \u201eEU-US Data Privacy Framework\u201d (DPF) keret\u00e9ben tan\u00fas\u00edtv\u00e1nnyal rendelkezik, vagy megfelel\u0151 kieg\u00e9sz\u00edt\u0151 garanci\u00e1kkal rendelkezik. A harmadik orsz\u00e1gokba t\u00f6rt\u00e9n\u0151 adattov\u00e1bb\u00edt\u00e1sr\u00f3l, bele\u00e9rtve az adatok c\u00edmzettjeit is, ebben a nyilatkozatban tal\u00e1l inform\u00e1ci\u00f3kat.<\/p>\n<h3 data-path-to-node=\"28\">A szem\u00e9lyes adatok c\u00edmzettjei<\/h3>\n<p data-path-to-node=\"29\">\u00dczleti tev\u00e9kenys\u00e9g\u00fcnk keret\u00e9ben k\u00fcl\u00f6nb\u00f6z\u0151 k\u00fcls\u0151 felekkel m\u0171k\u00f6d\u00fcnk egy\u00fctt. Ennek sor\u00e1n n\u00e9ha sz\u00fcks\u00e9g van a szem\u00e9lyes adatok \u00e1tad\u00e1s\u00e1ra ezeknek a feleknek. Szem\u00e9lyes adatokat csak akkor tov\u00e1bb\u00edtunk k\u00fcls\u0151 feleknek, ha ez a szerz\u0151d\u00e9s teljes\u00edt\u00e9s\u00e9hez sz\u00fcks\u00e9ges, ha erre jogilag k\u00f6telezettek vagyunk (pl. ad\u00f3hat\u00f3s\u00e1gnak t\u00f6rt\u00e9n\u0151 adattov\u00e1bb\u00edt\u00e1s), ha a GDPR 6. cikk (1) bek. f) pontja alapj\u00e1n jogos \u00e9rdek\u00fcnk f\u0171z\u0151dik a tov\u00e1bb\u00edt\u00e1shoz, vagy ha m\u00e1s jogalap lehet\u0151v\u00e9 teszi az adattov\u00e1bb\u00edt\u00e1st. Megb\u00edzott adatfeldolgoz\u00f3k ig\u00e9nybev\u00e9tele eset\u00e9n \u00fcgyfeleink szem\u00e9lyes adatait kiz\u00e1r\u00f3lag \u00e9rv\u00e9nyes adatfeldolgoz\u00e1si szerz\u0151d\u00e9s alapj\u00e1n tov\u00e1bb\u00edtjuk. K\u00f6z\u00f6s adatkezel\u00e9s eset\u00e9n k\u00f6z\u00f6s adatkezel\u00e9si szerz\u0151d\u00e9st k\u00f6t\u00fcnk.<\/p>\n<h3 data-path-to-node=\"30\">Az adatkezel\u00e9shez val\u00f3 hozz\u00e1j\u00e1rul\u00e1s visszavon\u00e1sa<\/h3>\n<p data-path-to-node=\"31\">Sz\u00e1mos adatkezel\u00e9si folyamat csak az \u00d6n kifejezett hozz\u00e1j\u00e1rul\u00e1s\u00e1val lehets\u00e9ges. A m\u00e1r megadott hozz\u00e1j\u00e1rul\u00e1st b\u00e1rmikor visszavonhatja. A visszavon\u00e1s nem \u00e9rinti a visszavon\u00e1sig v\u00e9gzett adatkezel\u00e9s jogszer\u0171s\u00e9g\u00e9t.<\/p>\n<h3 data-path-to-node=\"32\">Tiltakoz\u00e1shoz val\u00f3 jog az adatgy\u0171jt\u00e9s ellen k\u00fcl\u00f6nleges esetekben \u00e9s a k\u00f6zvetlen \u00fczletszerz\u00e9s ellen (GDPR 21. cikk)<\/h3>\n<p data-path-to-node=\"33\">AMENNYIBEN AZ ADATKEZEL\u00c9S A GDPR 6. CIKK (1) BEK. E) VAGY F) PONTJ\u00c1N ALAPUL, \u00d6N B\u00c1RMIKOR JOGOSULT TILTAKOZNI A SZEM\u00c9LYES ADATAINAK KEZEL\u00c9SE ELLEN AZ \u00d6N SAJ\u00c1TOS HELYZET\u00c9B\u0150L AD\u00d3D\u00d3 OKOKB\u00d3L; EZ VONATKOZIK AZ EZEN RENDELKEZ\u00c9SEKEN ALAPUL\u00d3 PROFILALKOT\u00c1SRA IS. AZ ADATKEZEL\u00c9S JOGALAPJ\u00c1T EBBEN A NYILATKOZATBAN TAL\u00c1LJA. TILTAKOZ\u00c1S ESET\u00c9N NEM KEZELJ\u00dcK TOV\u00c1BB SZEM\u00c9LYES ADATAIT, KIV\u00c9VE, HA IGAZOLNI TUDJUK AZ ADATKEZEL\u00c9S OLYAN K\u00c9NYSZER\u00cdT\u0150 EREJ\u0170, JOGOS OKAIT, AMELYEK ELS\u0150BBS\u00c9GET \u00c9LVEZNEK AZ \u00d6N \u00c9RDEKEIVEL, JOGAIVAL \u00c9S SZABADS\u00c1GAIVAL SZEMBEN, VAGY HA AZ ADATKEZEL\u00c9S JOGI IG\u00c9NYEK EL\u0150TERJESZT\u00c9S\u00c9HEZ, \u00c9RV\u00c9NYES\u00cdT\u00c9S\u00c9HEZ VAGY V\u00c9DELM\u00c9HEZ SZ\u00dcKS\u00c9GES (TILTAKOZ\u00c1S A GDPR 21. CIKK (1) BEK. ALAPJ\u00c1N). HA SZEM\u00c9LYES ADATAIT K\u00d6ZVETLEN \u00dcZLETSZERZ\u00c9S \u00c9RDEK\u00c9BEN KEZELIK, \u00d6N B\u00c1RMIKOR JOGOSULT TILTAKOZNI A SZEM\u00c9LYES ADATAINAK ILYEN C\u00c9L\u00da KEZEL\u00c9SE ELLEN; EZ VONATKOZIK A PROFILALKOT\u00c1SRA IS, AMENNYIBEN AZ ILYEN K\u00d6ZVETLEN \u00dcZLETSZERZ\u00c9SHEZ KAPCSOL\u00d3DIK. TILTAKOZ\u00c1S ESET\u00c9N SZEM\u00c9LYES ADATAIT A TOV\u00c1BBIAKBAN NEM HASZN\u00c1LJUK FEL K\u00d6ZVETLEN \u00dcZLETSZERZ\u00c9S C\u00c9LJ\u00c1B\u00d3L (TILTAKOZ\u00c1S A GDPR 21. CIKK (2) BEK. ALAPJ\u00c1N).<\/p>\n<h3 data-path-to-node=\"34\">Panaszt\u00e9telhez val\u00f3 jog az illet\u00e9kes fel\u00fcgyeleti hat\u00f3s\u00e1gn\u00e1l<\/h3>\n<p data-path-to-node=\"35\">A GDPR megs\u00e9rt\u00e9se eset\u00e9n az \u00e9rintettek jogosultak panaszt tenni egy fel\u00fcgyeleti hat\u00f3s\u00e1gn\u00e1l, k\u00fcl\u00f6n\u00f6sen a szok\u00e1sos tart\u00f3zkod\u00e1si hely\u00fck, a munkahely\u00fck vagy a felt\u00e9telezett jogs\u00e9rt\u00e9s helye szerinti tag\u00e1llamban. A panaszt\u00e9telhez val\u00f3 jog nem \u00e9rinti az egy\u00e9b k\u00f6zigazgat\u00e1si vagy b\u00edr\u00f3s\u00e1gi jogorvoslati lehet\u0151s\u00e9geket.<\/p>\n<h3 data-path-to-node=\"36\">Adathordozhat\u00f3s\u00e1ghoz val\u00f3 jog<\/h3>\n<p data-path-to-node=\"37\">\u00d6n jogosult arra, hogy azokat az adatokat, amelyeket hozz\u00e1j\u00e1rul\u00e1sa alapj\u00e1n vagy szerz\u0151d\u00e9s teljes\u00edt\u00e9se \u00e9rdek\u00e9ben automatikusan kezel\u00fcnk, saj\u00e1t r\u00e9sz\u00e9re vagy egy harmadik f\u00e9l r\u00e9sz\u00e9re, sz\u00e9les k\u00f6rben haszn\u00e1lt, g\u00e9ppel olvashat\u00f3 form\u00e1tumban kiadjuk. Ha \u00d6n az adatok egy m\u00e1sik adatkezel\u0151nek t\u00f6rt\u00e9n\u0151 k\u00f6zvetlen tov\u00e1bb\u00edt\u00e1s\u00e1t k\u00e9ri, erre csak akkor ker\u00fcl sor, ha az technikailag megval\u00f3s\u00edthat\u00f3.<\/p>\n<h3 data-path-to-node=\"38\">T\u00e1j\u00e9koztat\u00e1s, helyesb\u00edt\u00e9s \u00e9s t\u00f6rl\u00e9s<\/h3>\n<p data-path-to-node=\"39\">A hat\u00e1lyos t\u00f6rv\u00e9nyi rendelkez\u00e9sek keretein bel\u00fcl \u00d6nnek b\u00e1rmikor joga van ingyenes t\u00e1j\u00e9koztat\u00e1st kapni a t\u00e1rolt szem\u00e9lyes adatair\u00f3l, azok sz\u00e1rmaz\u00e1s\u00e1r\u00f3l \u00e9s c\u00edmzettj\u00e9r\u0151l, valamint az adatkezel\u00e9s c\u00e9lj\u00e1r\u00f3l, \u00e9s sz\u00fcks\u00e9g eset\u00e9n joga van ezen adatok helyesb\u00edt\u00e9s\u00e9re vagy t\u00f6rl\u00e9s\u00e9re. Ebben az \u00fcgyben, valamint a szem\u00e9lyes adatokkal kapcsolatos tov\u00e1bbi k\u00e9rd\u00e9seivel b\u00e1rmikor fordulhat hozz\u00e1nk.<\/p>\n<h3 data-path-to-node=\"40\">Az adatkezel\u00e9s korl\u00e1toz\u00e1s\u00e1hoz val\u00f3 jog<\/h3>\n<p data-path-to-node=\"41\">\u00d6nnek joga van k\u00e9rni szem\u00e9lyes adatai kezel\u00e9s\u00e9nek korl\u00e1toz\u00e1s\u00e1t. Ehhez b\u00e1rmikor kapcsolatba l\u00e9phet vel\u00fcnk. Az adatkezel\u00e9s korl\u00e1toz\u00e1s\u00e1hoz val\u00f3 jog a k\u00f6vetkez\u0151 esetekben \u00e1ll fenn:<\/p>\n<ul data-path-to-node=\"42\">\n<li>\n<p data-path-to-node=\"42,0,0\">Ha vitatja a n\u00e1lunk t\u00e1rolt szem\u00e9lyes adatainak pontoss\u00e1g\u00e1t, \u00e1ltal\u00e1ban id\u0151re van sz\u00fcks\u00e9g\u00fcnk ennek ellen\u0151rz\u00e9s\u00e9hez. Az ellen\u0151rz\u00e9s idej\u00e9re joga van k\u00e9rni az adatkezel\u00e9s korl\u00e1toz\u00e1s\u00e1t.<\/p>\n<\/li>\n<li>\n<p data-path-to-node=\"42,1,0\">Ha szem\u00e9lyes adatainak kezel\u00e9se jogellenesen t\u00f6rt\u00e9nt\/t\u00f6rt\u00e9nik, a t\u00f6rl\u00e9s helyett k\u00e9rheti az adatkezel\u00e9s korl\u00e1toz\u00e1s\u00e1t.<\/p>\n<\/li>\n<li>\n<p data-path-to-node=\"42,2,0\">Ha m\u00e1r nincs sz\u00fcks\u00e9g\u00fcnk szem\u00e9lyes adataira, de \u00d6nnek azokra jogi ig\u00e9nyek el\u0151terjeszt\u00e9s\u00e9hez, \u00e9rv\u00e9nyes\u00edt\u00e9s\u00e9hez vagy v\u00e9delm\u00e9hez sz\u00fcks\u00e9ge van, joga van a t\u00f6rl\u00e9s helyett az adatkezel\u00e9s korl\u00e1toz\u00e1s\u00e1t k\u00e9rni.<\/p>\n<\/li>\n<li>\n<p data-path-to-node=\"42,3,0\">Ha a GDPR 21. cikk (1) bek. alapj\u00e1n tiltakozott, m\u00e9rlegelni kell az \u00d6n \u00e9s a mi \u00e9rdekeinket. Am\u00edg nem d\u0151l el, hogy kinek az \u00e9rdekei \u00e9lveznek els\u0151bbs\u00e9get, joga van k\u00e9rni az adatkezel\u00e9s korl\u00e1toz\u00e1s\u00e1t.<\/p>\n<\/li>\n<\/ul>\n<p data-path-to-node=\"43\">Ha korl\u00e1tozta az adatkezel\u00e9st, ezek az adatok \u2013 a t\u00e1rol\u00e1sukon k\u00edv\u00fcl \u2013 csak az \u00d6n hozz\u00e1j\u00e1rul\u00e1s\u00e1val, vagy jogi ig\u00e9nyek el\u0151terjeszt\u00e9s\u00e9hez, \u00e9rv\u00e9nyes\u00edt\u00e9s\u00e9hez vagy v\u00e9delm\u00e9hez, vagy m\u00e1s term\u00e9szetes vagy jogi szem\u00e9ly jogainak v\u00e9delme \u00e9rdek\u00e9ben, vagy az Eur\u00f3pai Uni\u00f3 vagy egy tag\u00e1llam fontos k\u00f6z\u00e9rdek\u00e9b\u0151l kezelhet\u0151k.<\/p>\n<h3 data-path-to-node=\"44\">SSL vagy TLS titkos\u00edt\u00e1s<\/h3>\n<p data-path-to-node=\"45\">Ez az oldal biztons\u00e1gi okokb\u00f3l \u00e9s a bizalmas tartalmak \u2013 p\u00e9ld\u00e1ul az \u00d6n \u00e1ltal nek\u00fcnk, mint oldal\u00fczemeltet\u0151nek k\u00fcld\u00f6tt megkeres\u00e9sek \u2013 tov\u00e1bb\u00edt\u00e1s\u00e1nak v\u00e9delme \u00e9rdek\u00e9ben SSL vagy TLS titkos\u00edt\u00e1st haszn\u00e1l. A titkos\u00edtott kapcsolatot arr\u00f3l ismerheti fel, hogy a b\u00f6ng\u00e9sz\u0151 c\u00edmsora \u201ehttp:\/\/\u201d-r\u0151l \u201ehttps:\/\/\u201d-re v\u00e1lt, valamint a b\u00f6ng\u00e9sz\u0151sorban megjelen\u0151 lakat szimb\u00f3lumr\u00f3l. Ha az SSL vagy TLS titkos\u00edt\u00e1s akt\u00edv, az \u00d6n \u00e1ltal nek\u00fcnk tov\u00e1bb\u00edtott adatokat harmadik felek nem tudj\u00e1k elolvasni.<\/p>\n<h3 data-path-to-node=\"46\">Tiltakoz\u00e1s a rekl\u00e1mc\u00e9l\u00fa e-mailek ellen<\/h3>\n<p data-path-to-node=\"47\">Ez\u00faton tiltakozunk a jogi t\u00e1j\u00e9koztat\u00e1si k\u00f6telezetts\u00e9g (impresszum) keret\u00e9ben k\u00f6zz\u00e9tett el\u00e9rhet\u0151s\u00e9gek kifejezetten nem k\u00e9rt rekl\u00e1m- \u00e9s t\u00e1j\u00e9koztat\u00f3 anyagok k\u00fcld\u00e9s\u00e9re t\u00f6rt\u00e9n\u0151 felhaszn\u00e1l\u00e1sa ellen. Az oldalak \u00fczemeltet\u0151i kifejezetten fenntartj\u00e1k a jogot a jogi l\u00e9p\u00e9sek megt\u00e9tel\u00e9re k\u00e9retlen rekl\u00e1minform\u00e1ci\u00f3k, p\u00e9ld\u00e1ul spam \u00fczenetek k\u00fcld\u00e9se eset\u00e9n.<\/p>\n<h3 data-path-to-node=\"48\">S\u00fctik (Cookies)<\/h3>\n<p data-path-to-node=\"49\">A s\u00fctik haszn\u00e1lat\u00e1ra vonatkoz\u00f3 pontos inform\u00e1ci\u00f3k itt tal\u00e1lhat\u00f3k: <a href=\"https:\/\/www.humanuspraca.pl\/hu\/cookie-szabalyzat\/\">https:\/\/www.humanuspraca.pl\/hu\/cookie-szabalyzat\/<\/a><\/p>\n<p data-path-to-node=\"49\">Weboldalaink \u00fagynevezett \u201es\u00fctiket\u201d haszn\u00e1lnak. A s\u00fctik kis adatcsomagok, amelyek nem okoznak k\u00e1rt az \u00d6n v\u00e9gberendez\u00e9s\u00e9ben. Ezeket vagy ideiglenesen a munkamenet idej\u00e9re (munkamenet-s\u00fctik), vagy v\u00e9glegesen (\u00e1lland\u00f3 s\u00fctik) t\u00e1rolj\u00e1k az eszk\u00f6z\u00f6n. A munkamenet-s\u00fctik a l\u00e1togat\u00e1s v\u00e9g\u00e9n automatikusan t\u00f6rl\u0151dnek. Az \u00e1lland\u00f3 s\u00fctik addig maradnak az eszk\u00f6z\u00f6n, am\u00edg \u00d6n ki nem t\u00f6rli azokat, vagy am\u00edg a b\u00f6ng\u00e9sz\u0151je automatikusan el nem t\u00e1vol\u00edtja \u0151ket. A s\u00fctik sz\u00e1rmazhatnak t\u0151l\u00fcnk (els\u0151 f\u00e9l s\u00fctik) vagy harmadik felekt\u0151l (\u00fagynevezett harmadik f\u00e9l s\u00fctik). A harmadik f\u00e9lt\u0151l sz\u00e1rmaz\u00f3 s\u00fctik lehet\u0151v\u00e9 teszik bizonyos k\u00fcls\u0151 szolg\u00e1ltat\u00e1sok integr\u00e1l\u00e1s\u00e1t a weboldalakon bel\u00fcl (pl. fizet\u00e9si szolg\u00e1ltat\u00e1sok kezel\u00e9s\u00e9hez haszn\u00e1lt s\u00fctik). A s\u00fctik k\u00fcl\u00f6nb\u00f6z\u0151 funkci\u00f3kat t\u00f6ltenek be. Sz\u00e1mos s\u00fcti technikailag sz\u00fcks\u00e9ges, mivel bizonyos oldalfunkci\u00f3k nem m\u0171k\u00f6dn\u00e9nek n\u00e9lk\u00fcl\u00fck (pl. kos\u00e1r funkci\u00f3 vagy vide\u00f3k megjelen\u00edt\u00e9se). M\u00e1s s\u00fctik a felhaszn\u00e1l\u00f3i viselked\u00e9s elemz\u00e9s\u00e9re vagy rekl\u00e1mc\u00e9lokra haszn\u00e1lhat\u00f3k. Az elektronikus kommunik\u00e1ci\u00f3s folyamat megval\u00f3s\u00edt\u00e1s\u00e1hoz, bizonyos funkci\u00f3k (pl. kos\u00e1r) biztos\u00edt\u00e1s\u00e1hoz vagy a weboldal optimaliz\u00e1l\u00e1s\u00e1hoz (pl. k\u00f6z\u00f6ns\u00e9gm\u00e9r\u00e9shez haszn\u00e1lt s\u00fctik) sz\u00fcks\u00e9ges s\u00fctik a GDPR 6. cikk (1) bek. f) pontja alapj\u00e1n ker\u00fclnek t\u00e1rol\u00e1sra, hacsak m\u00e1s jogalap nincs megadva. Az oldal \u00fczemeltet\u0151j\u00e9nek jogos \u00e9rdeke f\u0171z\u0151dik a sz\u00fcks\u00e9ges s\u00fctik t\u00e1rol\u00e1s\u00e1hoz szolg\u00e1ltat\u00e1sai technikailag hib\u00e1tlan \u00e9s optim\u00e1lis ny\u00fajt\u00e1sa \u00e9rdek\u00e9ben. Amennyiben hozz\u00e1j\u00e1rul\u00e1st k\u00e9rtek a s\u00fctik \u00e9s hasonl\u00f3 felismer\u00e9si technol\u00f3gi\u00e1k t\u00e1rol\u00e1s\u00e1hoz, az adatkezel\u00e9s kiz\u00e1r\u00f3lag ezen hozz\u00e1j\u00e1rul\u00e1s alapj\u00e1n t\u00f6rt\u00e9nik (GDPR 6. cikk (1) bek. a) pont \u00e9s TTDSG 25. \u00a7 (1) bek.); a hozz\u00e1j\u00e1rul\u00e1s b\u00e1rmikor visszavonhat\u00f3. Be\u00e1ll\u00edthatja b\u00f6ng\u00e9sz\u0151j\u00e9t \u00fagy, hogy t\u00e1j\u00e9koztat\u00e1st kapjon a s\u00fctik elhelyez\u00e9s\u00e9r\u0151l, \u00e9s csak egyedi esetekben enged\u00e9lyezze azokat, bizonyos esetekben vagy \u00e1ltal\u00e1noss\u00e1gban kiz\u00e1rja a s\u00fctik elfogad\u00e1s\u00e1t, valamint aktiv\u00e1lja a s\u00fctik automatikus t\u00f6rl\u00e9s\u00e9t a b\u00f6ng\u00e9sz\u0151 bez\u00e1r\u00e1sakor. A s\u00fctik kikapcsol\u00e1sa eset\u00e9n az oldal funkcionalit\u00e1sa korl\u00e1tozott leh<span class=\"citation-4563 citation-end-4563\">et.<\/span><\/p>\n<div class=\"source-inline-chip-container ng-star-inserted\">\u00a0<\/div>\n<h3 data-path-to-node=\"50\"><span class=\"citation-4562 citation-end-4562\">Szervernapl\u00f3f\u00e1jlok<\/span><\/h3>\n<p data-path-to-node=\"51\"><span class=\"citation-4561 citation-end-4561\">Az oldalak szolg\u00e1ltat\u00f3ja automatikusan gy\u0171jt \u00e9s t\u00e1rol inform\u00e1ci\u00f3kat \u00fagynevezett szervernapl\u00f3f\u00e1jlokban, amelyeket az \u00d6n b\u00f6ng\u00e9sz\u0151je automatikusan tov\u00e1bb\u00edt nek\u00fcnk.<\/span> Ezek a k\u00f6vetkez\u0151k:<\/p>\n<ul data-path-to-node=\"52\">\n<li>\n<p data-path-to-node=\"52,0,0\">B\u00f6ng\u00e9sz\u0151 t\u00edpusa \u00e9s verzi\u00f3ja<\/p>\n<\/li>\n<li>\n<p data-path-to-node=\"52,1,0\">Haszn\u00e1lt oper\u00e1ci\u00f3s rendszer<\/p>\n<\/li>\n<li>\n<p data-path-to-node=\"52,2,0\">Referrer URL (kor\u00e1bban megl\u00e1togatott oldal)<\/p>\n<\/li>\n<li>\n<p data-path-to-node=\"52,3,0\">A hozz\u00e1f\u00e9r\u0151 sz\u00e1m\u00edt\u00f3g\u00e9p hosztneve<\/p>\n<\/li>\n<li>\n<p data-path-to-node=\"52,4,0\">A szerverlek\u00e9r\u00e9s id\u0151pontja<\/p>\n<\/li>\n<li>\n<p data-path-to-node=\"52,5,0\">IP-c\u00edm<\/p>\n<\/li>\n<\/ul>\n<p data-path-to-node=\"53\">Ezeket az adatokat nem kapcsoljuk \u00f6ssze m\u00e1s adatforr\u00e1sokkal. Az adatgy\u0171jt\u00e9s a GDPR 6. cikk (1) bek. f) pontja alapj\u00e1n t\u00f6rt\u00e9nik. Az oldal \u00fczemeltet\u0151j\u00e9nek jogos \u00e9rdeke f\u0171z\u0151dik weboldal\u00e1nak technikailag hib\u00e1tlan megjelen\u00edt\u00e9s\u00e9hez \u00e9s optimaliz\u00e1l\u00e1s\u00e1hoz \u2013 ehhez a szervernapl\u00f3f\u00e1jlokat r\u00f6gz\u00edteni kell.<\/p>\n<h3 data-path-to-node=\"54\">Kapcsolattart\u00e1si \u0171rlap<\/h3>\n<p data-path-to-node=\"55\">Ha a kapcsolattart\u00e1si \u0171rlapon kereszt\u00fcl k\u00fcld nek\u00fcnk megkeres\u00e9st, a megkeres\u00e9si \u0171rlapon szerepl\u0151 adatait az ott megadott el\u00e9rhet\u0151s\u00e9gekkel egy\u00fctt a megkeres\u00e9s feldolgoz\u00e1sa \u00e9s az esetleges tov\u00e1bbi k\u00e9rd\u00e9sek c\u00e9lj\u00e1b\u00f3l t\u00e1roljuk. Ezeket az adatokat az \u00d6n hozz\u00e1j\u00e1rul\u00e1sa n\u00e9lk\u00fcl nem adjuk tov\u00e1bb. Az adatok kezel\u00e9se a GDPR 6. cikk (1) bek. b) pontja alapj\u00e1n t\u00f6rt\u00e9nik, amennyiben megkeres\u00e9se szerz\u0151d\u00e9s teljes\u00edt\u00e9s\u00e9hez kapcsol\u00f3dik, vagy szerz\u0151d\u00e9sk\u00f6t\u00e9st megel\u0151z\u0151 int\u00e9zked\u00e9sekhez sz\u00fcks\u00e9ges. Minden m\u00e1s esetben az adatkezel\u00e9s a hozz\u00e1nk int\u00e9zett megkeres\u00e9sek hat\u00e9kony feldolgoz\u00e1s\u00e1hoz f\u0171z\u0151d\u0151 jogos \u00e9rdek\u00fcnk\u00f6n (GDPR 6. cikk (1) bek. f) pont) vagy az \u00d6n hozz\u00e1j\u00e1rul\u00e1s\u00e1n (GDPR 6. cikk (1) bek. a) pont) alapul, amennyiben azt k\u00e9rt\u00e9k; a hozz\u00e1j\u00e1rul\u00e1s b\u00e1rmikor visszavonhat\u00f3. A kapcsolattart\u00e1si \u0171rlapon megadott adatok n\u00e1lunk maradnak, am\u00edg \u00d6n nem k\u00e9ri azok t\u00f6rl\u00e9s\u00e9t, nem vonja vissza a t\u00e1rol\u00e1shoz val\u00f3 hozz\u00e1j\u00e1rul\u00e1s\u00e1t, vagy az adatt\u00e1rol\u00e1s c\u00e9lja meg nem sz\u0171nik (pl. a megkeres\u00e9s feldolgoz\u00e1s\u00e1nak befejez\u00e9se ut\u00e1n). A k\u00f6telez\u0151 t\u00f6rv\u00e9nyi rendelkez\u00e9sek \u2013 k\u00fcl\u00f6n\u00f6sen a meg\u0151rz\u00e9si id\u0151szakok \u2013 \u00e9rintetlen\u00fcl maradnak.<\/p>\n<h3 data-path-to-node=\"56\">Megkeres\u00e9s e-mailben, telefonon vagy faxon<\/h3>\n<p data-path-to-node=\"57\">Ha e-mailben, telefonon vagy faxon l\u00e9p vel\u00fcnk kapcsolatba, megkeres\u00e9s\u00e9t az \u00f6sszes abb\u00f3l sz\u00e1rmaz\u00f3 szem\u00e9lyes adattal (n\u00e9v, megkeres\u00e9s tartalma) egy\u00fctt a k\u00e9r\u00e9se megv\u00e1laszol\u00e1sa \u00e9rdek\u00e9ben t\u00e1roljuk \u00e9s kezelj\u00fck. Ezeket az adatokat az \u00d6n hozz\u00e1j\u00e1rul\u00e1sa n\u00e9lk\u00fcl nem adjuk tov\u00e1bb. (A jogalap \u00e9s a t\u00e1rol\u00e1si id\u0151szak megegyezik a fenti kapcsolattart\u00e1si \u0171rlapn\u00e1l le\u00edrtakkal).<\/p>\n","protected":false},"excerpt":{"rendered":"<p>Adatv\u00e9delmi nyilatkozat \u00c1ltal\u00e1nos megjegyz\u00e9sek Az al\u00e1bbi megjegyz\u00e9sek egyszer\u0171 \u00e1ttekint\u00e9st ny\u00fajtanak arr\u00f3l, hogy mi t\u00f6rt\u00e9nik az \u00d6n szem\u00e9lyes adataival, amikor megl\u00e1togatja ezt a weboldalt. Szem\u00e9lyes adatnak min\u0151s\u00fcl minden olyan adat, amellyel \u00d6n szem\u00e9lyesen azonos\u00edthat\u00f3. Az adatv\u00e9delemmel kapcsolatos r\u00e9szletes inform\u00e1ci\u00f3kat az e sz\u00f6veg alatt tal\u00e1lhat\u00f3 adatv\u00e9delmi nyilatkozatunkban tal\u00e1lja. Adatgy\u0171jt\u00e9s ezen a weboldalon Ki a felel\u0151s az adatgy\u0171jt\u00e9s\u00e9rt [&hellip;]<\/p>\n","protected":false},"author":3,"featured_media":0,"parent":0,"menu_order":0,"comment_status":"closed","ping_status":"open","template":"","meta":{"_joinchat":[]},"acf":[],"yoast_head":"<!-- This site is optimized with the Yoast SEO plugin v20.8 - https:\/\/yoast.com\/wordpress\/plugins\/seo\/ -->\n<title>Adatv\u00e9delmi nyilatkozat - Humanus<\/title>\n<meta name=\"robots\" content=\"index, follow, max-snippet:-1, max-image-preview:large, max-video-preview:-1\" \/>\n<link rel=\"canonical\" href=\"https:\/\/www.humanuspraca.pl\/hu\/adatvedelmi-nyilatkozat\/\" \/>\n<meta property=\"og:locale\" content=\"hu_HU\" \/>\n<meta property=\"og:type\" content=\"article\" \/>\n<meta property=\"og:title\" content=\"Adatv\u00e9delmi nyilatkozat - Humanus\" \/>\n<meta property=\"og:description\" content=\"Adatv\u00e9delmi nyilatkozat \u00c1ltal\u00e1nos megjegyz\u00e9sek Az al\u00e1bbi megjegyz\u00e9sek egyszer\u0171 \u00e1ttekint\u00e9st ny\u00fajtanak arr\u00f3l, hogy mi t\u00f6rt\u00e9nik az \u00d6n szem\u00e9lyes adataival, amikor megl\u00e1togatja ezt a weboldalt. Szem\u00e9lyes adatnak min\u0151s\u00fcl minden olyan adat, amellyel \u00d6n szem\u00e9lyesen azonos\u00edthat\u00f3. Az adatv\u00e9delemmel kapcsolatos r\u00e9szletes inform\u00e1ci\u00f3kat az e sz\u00f6veg alatt tal\u00e1lhat\u00f3 adatv\u00e9delmi nyilatkozatunkban tal\u00e1lja. Adatgy\u0171jt\u00e9s ezen a weboldalon Ki a felel\u0151s az adatgy\u0171jt\u00e9s\u00e9rt [&hellip;]\" \/>\n<meta property=\"og:url\" content=\"https:\/\/www.humanuspraca.pl\/hu\/adatvedelmi-nyilatkozat\/\" \/>\n<meta property=\"og:site_name\" content=\"Humanus\" \/>\n<meta property=\"article:modified_time\" content=\"2026-04-17T18:21:28+00:00\" \/>\n<meta name=\"twitter:card\" content=\"summary_large_image\" \/>\n<meta name=\"twitter:label1\" content=\"Est. reading time\" \/>\n\t<meta name=\"twitter:data1\" content=\"14 perc\" \/>\n<script type=\"application\/ld+json\" class=\"yoast-schema-graph\">{\"@context\":\"https:\/\/schema.org\",\"@graph\":[{\"@type\":\"WebPage\",\"@id\":\"https:\/\/www.humanuspraca.pl\/hu\/adatvedelmi-nyilatkozat\/\",\"url\":\"https:\/\/www.humanuspraca.pl\/hu\/adatvedelmi-nyilatkozat\/\",\"name\":\"Adatv\u00e9delmi nyilatkozat - Humanus\",\"isPartOf\":{\"@id\":\"https:\/\/www.humanuspraca.pl\/#website\"},\"datePublished\":\"2019-03-04T07:33:56+00:00\",\"dateModified\":\"2026-04-17T18:21:28+00:00\",\"breadcrumb\":{\"@id\":\"https:\/\/www.humanuspraca.pl\/hu\/adatvedelmi-nyilatkozat\/#breadcrumb\"},\"inLanguage\":\"hu\",\"potentialAction\":[{\"@type\":\"ReadAction\",\"target\":[\"https:\/\/www.humanuspraca.pl\/hu\/adatvedelmi-nyilatkozat\/\"]}]},{\"@type\":\"BreadcrumbList\",\"@id\":\"https:\/\/www.humanuspraca.pl\/hu\/adatvedelmi-nyilatkozat\/#breadcrumb\",\"itemListElement\":[{\"@type\":\"ListItem\",\"position\":1,\"name\":\"Strona g\u0142\u00f3wna\",\"item\":\"https:\/\/www.humanuspraca.pl\/hu\/\"},{\"@type\":\"ListItem\",\"position\":2,\"name\":\"Adatv\u00e9delmi nyilatkozat\"}]},{\"@type\":\"WebSite\",\"@id\":\"https:\/\/www.humanuspraca.pl\/#website\",\"url\":\"https:\/\/www.humanuspraca.pl\/\",\"name\":\"Humanus\",\"description\":\"Simply fair work\",\"potentialAction\":[{\"@type\":\"SearchAction\",\"target\":{\"@type\":\"EntryPoint\",\"urlTemplate\":\"https:\/\/www.humanuspraca.pl\/?s={search_term_string}\"},\"query-input\":\"required name=search_term_string\"}],\"inLanguage\":\"hu\"}]}<\/script>\n<!-- \/ Yoast SEO plugin. -->","yoast_head_json":{"title":"Adatv\u00e9delmi nyilatkozat - Humanus","robots":{"index":"index","follow":"follow","max-snippet":"max-snippet:-1","max-image-preview":"max-image-preview:large","max-video-preview":"max-video-preview:-1"},"canonical":"https:\/\/www.humanuspraca.pl\/hu\/adatvedelmi-nyilatkozat\/","og_locale":"hu_HU","og_type":"article","og_title":"Adatv\u00e9delmi nyilatkozat - Humanus","og_description":"Adatv\u00e9delmi nyilatkozat \u00c1ltal\u00e1nos megjegyz\u00e9sek Az al\u00e1bbi megjegyz\u00e9sek egyszer\u0171 \u00e1ttekint\u00e9st ny\u00fajtanak arr\u00f3l, hogy mi t\u00f6rt\u00e9nik az \u00d6n szem\u00e9lyes adataival, amikor megl\u00e1togatja ezt a weboldalt. Szem\u00e9lyes adatnak min\u0151s\u00fcl minden olyan adat, amellyel \u00d6n szem\u00e9lyesen azonos\u00edthat\u00f3. Az adatv\u00e9delemmel kapcsolatos r\u00e9szletes inform\u00e1ci\u00f3kat az e sz\u00f6veg alatt tal\u00e1lhat\u00f3 adatv\u00e9delmi nyilatkozatunkban tal\u00e1lja. Adatgy\u0171jt\u00e9s ezen a weboldalon Ki a felel\u0151s az adatgy\u0171jt\u00e9s\u00e9rt [&hellip;]","og_url":"https:\/\/www.humanuspraca.pl\/hu\/adatvedelmi-nyilatkozat\/","og_site_name":"Humanus","article_modified_time":"2026-04-17T18:21:28+00:00","twitter_card":"summary_large_image","twitter_misc":{"Est. reading time":"14 perc"},"schema":{"@context":"https:\/\/schema.org","@graph":[{"@type":"WebPage","@id":"https:\/\/www.humanuspraca.pl\/hu\/adatvedelmi-nyilatkozat\/","url":"https:\/\/www.humanuspraca.pl\/hu\/adatvedelmi-nyilatkozat\/","name":"Adatv\u00e9delmi nyilatkozat - Humanus","isPartOf":{"@id":"https:\/\/www.humanuspraca.pl\/#website"},"datePublished":"2019-03-04T07:33:56+00:00","dateModified":"2026-04-17T18:21:28+00:00","breadcrumb":{"@id":"https:\/\/www.humanuspraca.pl\/hu\/adatvedelmi-nyilatkozat\/#breadcrumb"},"inLanguage":"hu","potentialAction":[{"@type":"ReadAction","target":["https:\/\/www.humanuspraca.pl\/hu\/adatvedelmi-nyilatkozat\/"]}]},{"@type":"BreadcrumbList","@id":"https:\/\/www.humanuspraca.pl\/hu\/adatvedelmi-nyilatkozat\/#breadcrumb","itemListElement":[{"@type":"ListItem","position":1,"name":"Strona g\u0142\u00f3wna","item":"https:\/\/www.humanuspraca.pl\/hu\/"},{"@type":"ListItem","position":2,"name":"Adatv\u00e9delmi nyilatkozat"}]},{"@type":"WebSite","@id":"https:\/\/www.humanuspraca.pl\/#website","url":"https:\/\/www.humanuspraca.pl\/","name":"Humanus","description":"Simply fair work","potentialAction":[{"@type":"SearchAction","target":{"@type":"EntryPoint","urlTemplate":"https:\/\/www.humanuspraca.pl\/?s={search_term_string}"},"query-input":"required name=search_term_string"}],"inLanguage":"hu"}]}},"_links":{"self":[{"href":"https:\/\/www.humanuspraca.pl\/hu\/wp-json\/wp\/v2\/pages\/6816"}],"collection":[{"href":"https:\/\/www.humanuspraca.pl\/hu\/wp-json\/wp\/v2\/pages"}],"about":[{"href":"https:\/\/www.humanuspraca.pl\/hu\/wp-json\/wp\/v2\/types\/page"}],"author":[{"embeddable":true,"href":"https:\/\/www.humanuspraca.pl\/hu\/wp-json\/wp\/v2\/users\/3"}],"replies":[{"embeddable":true,"href":"https:\/\/www.humanuspraca.pl\/hu\/wp-json\/wp\/v2\/comments?post=6816"}],"version-history":[{"count":4,"href":"https:\/\/www.humanuspraca.pl\/hu\/wp-json\/wp\/v2\/pages\/6816\/revisions"}],"predecessor-version":[{"id":7805,"href":"https:\/\/www.humanuspraca.pl\/hu\/wp-json\/wp\/v2\/pages\/6816\/revisions\/7805"}],"wp:attachment":[{"href":"https:\/\/www.humanuspraca.pl\/hu\/wp-json\/wp\/v2\/media?parent=6816"}],"curies":[{"name":"wp","href":"https:\/\/api.w.org\/{rel}","templated":true}]}}